{"id":27876,"date":"2026-08-28T13:12:59","date_gmt":"2026-08-28T11:12:59","guid":{"rendered":"https:\/\/www.mbi-geodata.com\/de\/?post_type=tribe_events&#038;p=27876"},"modified":"2026-08-31T10:28:02","modified_gmt":"2026-08-31T08:28:02","slug":"esri-konferenz-2027","status":"publish","type":"tribe_events","link":"https:\/\/www.mbi-geodata.com\/de\/event\/esri-konferenz-2027\/","title":{"rendered":"Esri Konferenz 2027"},"content":{"rendered":"<div  class=\"tribe-events-schedule tribe-clearfix\" >\n\t<p class=\"tribe-events-schedule__datetime\">\n\t\t<span class=\"tribe-events-schedule__date tribe-events-schedule__date--start\">\n\t\t\t3. M\u00e4rz 2027\t\t<\/span>\n\n\t\t\n\t\t\t\t\t\t\t\t\t<span class=\"tribe-events-schedule__separator tribe-events-schedule__separator--time\">\n\t\t\t\t\t &#8211; \t\t\t\t<\/span>\n\t\t\t\n\t\t\t\t\t\t\t<span class=\"tribe-events-schedule__date tribe-events-schedule__date--end\">\n\t\t\t\t\t4. M\u00e4rz 2027\t\t\t\t<\/span>\n\n\t\t\t\t\n\t\t\t\n\t\t\t\t\t\t<\/p>\n<\/div>\n\n\n\n<figure class=\"wp-block-image size-large\"><a href=\"https:\/\/www.mbi-geodata.com\/de\/wp-content\/uploads\/sites\/2\/2026\/08\/Esri_Konferenz.jpg\"><img decoding=\"async\" width=\"1024\" height=\"769\" src=\"https:\/\/www.mbi-geodata.com\/de\/wp-content\/uploads\/sites\/2\/2026\/08\/Esri_Konferenz-1024x769.jpg\" alt=\"\" class=\"wp-image-27877\" srcset=\"https:\/\/www.mbi-geodata.com\/de\/wp-content\/uploads\/sites\/2\/2026\/08\/Esri_Konferenz-1024x769.jpg 1024w, https:\/\/www.mbi-geodata.com\/de\/wp-content\/uploads\/sites\/2\/2026\/08\/Esri_Konferenz-300x225.jpg 300w, https:\/\/www.mbi-geodata.com\/de\/wp-content\/uploads\/sites\/2\/2026\/08\/Esri_Konferenz-767x576.jpg 767w, https:\/\/www.mbi-geodata.com\/de\/wp-content\/uploads\/sites\/2\/2026\/08\/Esri_Konferenz-1536x1153.jpg 1536w, https:\/\/www.mbi-geodata.com\/de\/wp-content\/uploads\/sites\/2\/2026\/08\/Esri_Konferenz-88x66.jpg 88w, https:\/\/www.mbi-geodata.com\/de\/wp-content\/uploads\/sites\/2\/2026\/08\/Esri_Konferenz.jpg 1709w\" sizes=\"(max-width: 1024px) 100vw, 1024px\" \/><\/a><\/figure>\n\n\n\n<p class=\"wp-block-paragraph\">Die gr\u00f6\u00dfte deutschsprachige GIS Konferenz bietet an zwei Tagen ein volles Programm mit inspirierenden Vortr\u00e4gen zu den neuesten Digitalisierungstrends. MBI freut sich auf hochkar\u00e4tige Speaker, Einblicke in reale Anwendungsf\u00e4lle und darauf neue und bekannte Geobegeisterte auf der Esri Konferenz 2027 in Bonn zu treffen.<\/p>\n\n\n\n<div class=\"wp-block-stackable-columns stk-block-columns stk-block stk-2be344a\" data-block-id=\"2be344a\"><div class=\"stk-row stk-inner-blocks stk-block-content stk-content-align stk-2be344a-column\">\n<div class=\"wp-block-stackable-column stk-block-column stk-column stk-block stk-7f6ef1d\" data-v=\"4\" data-block-id=\"7f6ef1d\"><style>.stk-7f6ef1d-container{margin-top:0px !important;margin-right:0px !important;margin-bottom:0px !important;margin-left:0px !important;}@media screen and (min-width: 768px){.stk-7f6ef1d {flex:var(--stk-flex-grow, 1) 1 66.7% !important;}}<\/style><div class=\"stk-column-wrapper stk-block-column__content stk-container stk-7f6ef1d-container stk--no-background stk--no-padding\"><div class=\"stk-block-content stk-inner-blocks stk-7f6ef1d-inner-blocks\">\n<p class=\"wp-block-paragraph\">Wir freuen uns auf ein Gespr\u00e4ch mit Ihnen, wenn Sie wie wir auch auch einen Besuch planen. Lassen Sie uns gemeinsam innovative, ma\u00dfgeschneiderte L\u00f6sungen entwickeln! Nutzen Sie gerne den Button, um einen Termin mit uns auszumachen.<\/p>\n<\/div><\/div><\/div>\n\n\n\n<div class=\"wp-block-stackable-column stk-block-column stk-column stk-block stk-ff53141\" data-v=\"4\" data-block-id=\"ff53141\"><style>@media screen and (min-width: 768px){.stk-ff53141 {flex:var(--stk-flex-grow, 1) 1 33.3% !important;}}<\/style><div class=\"stk-column-wrapper stk-block-column__content stk-container stk-ff53141-container stk--no-background stk--no-padding\"><div class=\"stk-block-content stk-inner-blocks stk-ff53141-inner-blocks\">\n<div class=\"wp-block-buttons is-content-justification-right is-layout-flex wp-container-core-buttons-is-layout-89b4c9e9 wp-block-buttons-is-layout-flex\">\n<div class=\"wp-block-button\"><a class=\"wp-block-button__link has-white-color has-mbi-red-background-color has-text-color has-background has-regular-font-size has-custom-font-size wp-element-button\" href=\"https:\/\/www.mbi-geodata.com\/de\/kontakt-mbi\/\" target=\"_blank\" rel=\"noreferrer noopener\">Termin vereinbaren<\/a><\/div>\n<\/div>\n<\/div><\/div><\/div>\n<\/div><\/div>\n\n\n\n<div class=\"wp-block-stackable-heading stk-block-heading stk-block-heading--v2 stk-block stk-e55decf\" id=\"unter-anderem-geht-es-um-diese-themen\" data-block-id=\"e55decf\"><h2 class=\"stk-block-heading__text\">Unter anderem geht es um diese Themen:<\/h2><\/div>\n\n\n\n<ul class=\"wp-block-list\">\n<li>GeoAI<\/li>\n\n\n\n<li>Connected Twins<\/li>\n\n\n\n<li>Earth Intelligence<\/li>\n\n\n\n<li>Enterprise GIS<\/li>\n\n\n\n<li>Realtime<\/li>\n\n\n\n<li>Souver\u00e4nit\u00e4t<\/li>\n\n\n\n<li>lokale und globale Zusammenarbeit<\/li>\n<\/ul>\n\n\n<div  class=\"tribe-block tribe-block__venue tribe-clearfix tribe-block__venue--has-map\" >\n\t\n\t\n<div class=\"tribe-block__venue__meta\">\n\t<div class=\"tribe-block__venue__name\">\n\t\t<h3>World Conference Center Bonn<\/h3>\n\t<\/div>\n\n\t\n\t\t\t\t\t\t<address class=\"tribe-block__venue__address\">\n\t\t\t\t<span class=\"tribe-address\">\n\n<span class=\"tribe-street-address\">Platz d. Vereinten Nationen 2<\/span>\n\t\n\t\t<br>\n\t\t<span class=\"tribe-locality\">Bonn<\/span><span class=\"tribe-delimiter\">,<\/span>\n\n\n\t<span class=\"tribe-postal-code\">53113<\/span>\n\n\t<span class=\"tribe-country-name\">Germany<\/span>\n\n<\/span>\n\n\t\t\t\t\t\t\t\t\t<a class=\"tribe-events-gmap\" href=\"https:\/\/maps.google.com\/maps?f=q&#038;source=s_q&#038;hl=en&#038;geocode=&#038;q=Platz+d.+Vereinten+Nationen+2+Bonn+53113+Germany\" title=\"Klicken, um Google Karte anzuzeigen\" target=\"_blank\" rel=\"noreferrer noopener\">Google Karte anzeigen<\/a>\t\t\t\t\t\t\t<\/address>\n\t\t\n\t\t\n\t\t\t\n\t<\/div>\n\t\n<div class=\"tribe-block__venue__map\">\n\t\n <div class=\"brlbs-cmpnt-container brlbs-cmpnt-content-blocker brlbs-cmpnt-with-individual-styles\" data-borlabs-cookie-content-blocker-id=\"default\" data-borlabs-cookie-content=\"PGlmcmFtZQogIHRpdGxlPSJJZnJhbWUgdm9uIEdvb2dsZSBNYXBzLCBkZXIgZGllIEFkcmVzc2Ugdm9uIFdvcmxkIENvbmZlcmVuY2UgQ2VudGVyIEJvbm4gYW56ZWlndCIKICBhcmlhLWxhYmVsPSJLYXJ0ZSBkZXMgVmVyYW5zdGFsdHVuZ3NvcnRlcyIKICB3aWR0aD0iMzEwcHgiCiAgaGVpZ2h0PSIyNTZweCIKICBmcmFtZWJvcmRlcj0iMCIgc3R5bGU9ImJvcmRlcjowIgogIHNyYz0iaHR0cHM6Ly93d3cuZ29vZ2xlLmNvbS9tYXBzL2VtYmVkL3YxL3BsYWNlP2tleT1BSXphU3lETnNpY0FzUDYtVnVHdEFiMU85cmlJM29jX05PYjdJT1UmIzAzODtxPVBsYXR6K2QuK1ZlcmVpbnRlbitOYXRpb25lbisyK0Jvbm4rNTMxMTMrR2VybWFueSsmIzAzODt6b29tPTEwIiBhbGxvd2Z1bGxzY3JlZW4+CjwvaWZyYW1lPg==\"><div class=\"brlbs-cmpnt-cb-preset-a\"> <p class=\"brlbs-cmpnt-cb-description\">Sie sehen gerade einen Platzhalterinhalt von <strong>Standard<\/strong>. Um auf den eigentlichen Inhalt zuzugreifen, klicken Sie auf die Schaltfl\u00e4che unten. Bitte beachten Sie, dass dabei Daten an Drittanbieter weitergegeben werden.<\/p> <div class=\"brlbs-cmpnt-cb-buttons\"> <a class=\"brlbs-cmpnt-cb-btn\" href=\"#\" data-borlabs-cookie-unblock role=\"button\">Inhalt entsperren<\/a> <a class=\"brlbs-cmpnt-cb-btn\" href=\"#\" data-borlabs-cookie-accept-service role=\"button\" style=\"display: none\">Erforderlichen Service akzeptieren und Inhalte entsperren<\/a> <\/div> <a class=\"brlbs-cmpnt-cb-provider-toggle\" href=\"#\" data-borlabs-cookie-show-provider-information role=\"button\">Mehr Informationen<\/a> <\/div><\/div>\n<\/div>\n\n\t<\/div>\n\n\n\n<p class=\"wp-block-paragraph\"><\/p>\n\n\n<div  class=\"tribe-block tribe-block__event-website\" >\n\t<a\n\t\thref=\"https:\/\/www.esri.de\/de-de\/esri-konferenz\/2027\/uebersicht\"\n\t\ttarget=\"_self\"\n\t\t\t>\n\t\tEvent Website\t<\/a>\n<\/div>\n\n\n\n<p class=\"wp-block-paragraph\"><\/p>\n<div class=\"shariff shariff-align-center shariff-widget-align-left\"><div class=\"ShariffHeadline\"><h3 class=\"shariff_headline\">Teilen<\/h3><\/div><ul class=\"shariff-buttons theme-round orientation-horizontal buttonsize-medium\"><li class=\"shariff-button twitter shariff-nocustomcolor\" style=\"background-color:#595959\"><a href=\"https:\/\/twitter.com\/share?url=https%3A%2F%2Fwww.mbi-geodata.com%2Fde%2Fevent%2Fesri-konferenz-2027%2F&text=Esri%20Konferenz%202027&via=MBIgeodata\" title=\"Bei X teilen\" aria-label=\"Bei X teilen\" role=\"button\" rel=\"noopener nofollow\" class=\"shariff-link\" style=\"; background-color:#000; color:#fff\" target=\"_blank\"><span class=\"shariff-icon\" style=\"\"><svg width=\"32px\" height=\"20px\" xmlns=\"http:\/\/www.w3.org\/2000\/svg\" viewBox=\"0 0 24 24\"><path fill=\"#000\" d=\"M14.258 10.152L23.176 0h-2.113l-7.747 8.813L7.133 0H0l9.352 13.328L0 23.973h2.113l8.176-9.309 6.531 9.309h7.133zm-2.895 3.293l-.949-1.328L2.875 1.56h3.246l6.086 8.523.945 1.328 7.91 11.078h-3.246zm0 0\"\/><\/svg><\/span><\/a><\/li><li class=\"shariff-button xing shariff-nocustomcolor\" style=\"background-color:#29888a\"><a href=\"https:\/\/www.xing.com\/spi\/shares\/new?url=https%3A%2F%2Fwww.mbi-geodata.com%2Fde%2Fevent%2Fesri-konferenz-2027%2F\" title=\"Bei XING teilen\" aria-label=\"Bei XING teilen\" role=\"button\" rel=\"noopener nofollow\" class=\"shariff-link\" style=\"; background-color:#126567; color:#fff\" target=\"_blank\"><span class=\"shariff-icon\" style=\"\"><svg width=\"32px\" height=\"20px\" xmlns=\"http:\/\/www.w3.org\/2000\/svg\" viewBox=\"0 0 25 32\"><path fill=\"#126567\" d=\"M10.7 11.9q-0.2 0.3-4.6 8.2-0.5 0.8-1.2 0.8h-4.3q-0.4 0-0.5-0.3t0-0.6l4.5-8q0 0 0 0l-2.9-5q-0.2-0.4 0-0.7 0.2-0.3 0.5-0.3h4.3q0.7 0 1.2 0.8zM25.1 0.4q0.2 0.3 0 0.7l-9.4 16.7 6 11q0.2 0.4 0 0.6-0.2 0.3-0.6 0.3h-4.3q-0.7 0-1.2-0.8l-6-11.1q0.3-0.6 9.5-16.8 0.4-0.8 1.2-0.8h4.3q0.4 0 0.5 0.3z\"\/><\/svg><\/span><\/a><\/li><li class=\"shariff-button linkedin shariff-nocustomcolor\" style=\"background-color:#1488bf\"><a href=\"https:\/\/www.linkedin.com\/sharing\/share-offsite\/?url=https%3A%2F%2Fwww.mbi-geodata.com%2Fde%2Fevent%2Fesri-konferenz-2027%2F\" title=\"Bei LinkedIn teilen\" aria-label=\"Bei LinkedIn teilen\" role=\"button\" rel=\"noopener nofollow\" class=\"shariff-link\" style=\"; background-color:#0077b5; color:#fff\" target=\"_blank\"><span class=\"shariff-icon\" style=\"\"><svg width=\"32px\" height=\"20px\" xmlns=\"http:\/\/www.w3.org\/2000\/svg\" viewBox=\"0 0 27 32\"><path fill=\"#0077b5\" d=\"M6.2 11.2v17.7h-5.9v-17.7h5.9zM6.6 5.7q0 1.3-0.9 2.2t-2.4 0.9h0q-1.5 0-2.4-0.9t-0.9-2.2 0.9-2.2 2.4-0.9 2.4 0.9 0.9 2.2zM27.4 18.7v10.1h-5.9v-9.5q0-1.9-0.7-2.9t-2.3-1.1q-1.1 0-1.9 0.6t-1.2 1.5q-0.2 0.5-0.2 1.4v9.9h-5.9q0-7.1 0-11.6t0-5.3l0-0.9h5.9v2.6h0q0.4-0.6 0.7-1t1-0.9 1.6-0.8 2-0.3q3 0 4.9 2t1.9 6z\"\/><\/svg><\/span><\/a><\/li><li class=\"shariff-button facebook shariff-nocustomcolor\" style=\"background-color:#4273c8\"><a href=\"https:\/\/www.facebook.com\/sharer\/sharer.php?u=https%3A%2F%2Fwww.mbi-geodata.com%2Fde%2Fevent%2Fesri-konferenz-2027%2F\" title=\"Bei Facebook teilen\" aria-label=\"Bei Facebook teilen\" role=\"button\" rel=\"nofollow\" class=\"shariff-link\" style=\"; background-color:#3b5998; color:#fff\" target=\"_blank\"><span class=\"shariff-icon\" style=\"\"><svg width=\"32px\" height=\"20px\" xmlns=\"http:\/\/www.w3.org\/2000\/svg\" viewBox=\"0 0 18 32\"><path fill=\"#3b5998\" d=\"M17.1 0.2v4.7h-2.8q-1.5 0-2.1 0.6t-0.5 1.9v3.4h5.2l-0.7 5.3h-4.5v13.6h-5.5v-13.6h-4.5v-5.3h4.5v-3.9q0-3.3 1.9-5.2t5-1.8q2.6 0 4.1 0.2z\"\/><\/svg><\/span><\/a><\/li><li class=\"shariff-button mailto shariff-nocustomcolor\" style=\"background-color:#a8a8a8\"><a href=\"mailto:?body=https%3A%2F%2Fwww.mbi-geodata.com%2Fde%2Fevent%2Fesri-konferenz-2027%2F&subject=Esri%20Konferenz%202027\" title=\"Per E-Mail versenden\" aria-label=\"Per E-Mail versenden\" role=\"button\" rel=\"noopener nofollow\" class=\"shariff-link\" style=\"; background-color:#999; color:#fff\"><span class=\"shariff-icon\" style=\"\"><svg width=\"32px\" height=\"20px\" xmlns=\"http:\/\/www.w3.org\/2000\/svg\" viewBox=\"0 0 32 32\"><path fill=\"#999\" d=\"M32 12.7v14.2q0 1.2-0.8 2t-2 0.9h-26.3q-1.2 0-2-0.9t-0.8-2v-14.2q0.8 0.9 1.8 1.6 6.5 4.4 8.9 6.1 1 0.8 1.6 1.2t1.7 0.9 2 0.4h0.1q0.9 0 2-0.4t1.7-0.9 1.6-1.2q3-2.2 8.9-6.1 1-0.7 1.8-1.6zM32 7.4q0 1.4-0.9 2.7t-2.2 2.2q-6.7 4.7-8.4 5.8-0.2 0.1-0.7 0.5t-1 0.7-0.9 0.6-1.1 0.5-0.9 0.2h-0.1q-0.4 0-0.9-0.2t-1.1-0.5-0.9-0.6-1-0.7-0.7-0.5q-1.6-1.1-4.7-3.2t-3.6-2.6q-1.1-0.7-2.1-2t-1-2.5q0-1.4 0.7-2.3t2.1-0.9h26.3q1.2 0 2 0.8t0.9 2z\"\/><\/svg><\/span><\/a><\/li><\/ul><\/div>","protected":false},"excerpt":{"rendered":"<p>Die gr\u00f6\u00dfte deutschsprachige GIS Konferenz bietet an zwei Tagen ein volles Programm mit inspirierenden Vortr\u00e4gen zu den neuesten Digitalisierungstrends. MBI freut sich auf hochkar\u00e4tige Speaker, Einblicke in reale Anwendungsf\u00e4lle und [&hellip;]<\/p>\n","protected":false},"author":10,"featured_media":27877,"template":"","meta":{"_acf_changed":false,"_uag_custom_page_level_css":"","ngg_post_thumbnail":0,"_EventAllDay":true,"_EventTimezone":"Europe\/Berlin","_EventStartDate":"2027-03-03 00:00:00","_EventEndDate":"2027-03-04 23:59:59","_EventStartDateUTC":"2027-03-02 23:00:00","_EventEndDateUTC":"2027-03-04 22:59:59","_EventShowMap":false,"_EventShowMapLink":false,"_EventURL":"https:\/\/www.esri.de\/de-de\/esri-konferenz\/2027\/uebersicht","_EventCost":"","_EventCostDescription":"","_EventCurrencySymbol":"\u20ac","_EventCurrencyCode":"EUR","_EventCurrencyPosition":"suffix","_EventDateTimeSeparator":" @ ","_EventTimeRangeSeparator":" - ","_EventOrganizerID":[],"_EventVenueID":[24963],"_OrganizerEmail":"","_OrganizerPhone":"","_OrganizerWebsite":"","_VenueAddress":"","_VenueCity":"","_VenueCountry":"","_VenueProvince":"","_VenueState":"","_VenueZip":"","_VenuePhone":"","_VenueURL":"","_VenueStateProvince":"","_VenueLat":"","_VenueLng":"","_VenueShowMap":false,"_VenueShowMapLink":false,"_tribe_events_status":"","_tribe_events_status_reason":"","footnotes":""},"tags":[],"tribe_events_cat":[],"class_list":["post-27876","tribe_events","type-tribe_events","status-publish","has-post-thumbnail","hentry"],"acf":[],"featured_image_urls_v2":{"full":["https:\/\/www.mbi-geodata.com\/de\/wp-content\/uploads\/sites\/2\/2026\/08\/Esri_Konferenz.jpg",1709,1283,false],"thumbnail":["https:\/\/www.mbi-geodata.com\/de\/wp-content\/uploads\/sites\/2\/2026\/08\/Esri_Konferenz-150x150.jpg",150,150,true],"medium":["https:\/\/www.mbi-geodata.com\/de\/wp-content\/uploads\/sites\/2\/2026\/08\/Esri_Konferenz-300x225.jpg",300,225,true],"medium_large":["https:\/\/www.mbi-geodata.com\/de\/wp-content\/uploads\/sites\/2\/2026\/08\/Esri_Konferenz-767x576.jpg",698,524,true],"large":["https:\/\/www.mbi-geodata.com\/de\/wp-content\/uploads\/sites\/2\/2026\/08\/Esri_Konferenz-1024x769.jpg",698,524,true],"1536x1536":["https:\/\/www.mbi-geodata.com\/de\/wp-content\/uploads\/sites\/2\/2026\/08\/Esri_Konferenz-1536x1153.jpg",1536,1153,true],"2048x2048":["https:\/\/www.mbi-geodata.com\/de\/wp-content\/uploads\/sites\/2\/2026\/08\/Esri_Konferenz.jpg",1709,1283,false],"mini":["https:\/\/www.mbi-geodata.com\/de\/wp-content\/uploads\/sites\/2\/2026\/08\/Esri_Konferenz-88x66.jpg",88,66,true],"post-thumbnail":["https:\/\/www.mbi-geodata.com\/de\/wp-content\/uploads\/sites\/2\/2026\/08\/Esri_Konferenz-125x125.jpg",125,125,true],"gform-image-choice-sm":["https:\/\/www.mbi-geodata.com\/de\/wp-content\/uploads\/sites\/2\/2026\/08\/Esri_Konferenz-300x300.jpg",300,300,true],"gform-image-choice-md":["https:\/\/www.mbi-geodata.com\/de\/wp-content\/uploads\/sites\/2\/2026\/08\/Esri_Konferenz-400x400.jpg",400,400,true],"gform-image-choice-lg":["https:\/\/www.mbi-geodata.com\/de\/wp-content\/uploads\/sites\/2\/2026\/08\/Esri_Konferenz-600x600.jpg",600,600,true]},"post_excerpt_stackable_v2":"<p>3. M\u00e4rz 2027 &#8211; 4. M\u00e4rz 2027 Die gr\u00f6\u00dfte deutschsprachige GIS Konferenz bietet an zwei Tagen ein volles Programm mit inspirierenden Vortr\u00e4gen zu den neuesten Digitalisierungstrends. MBI freut sich auf hochkar\u00e4tige Speaker, Einblicke in reale Anwendungsf\u00e4lle und darauf neue und bekannte Geobegeisterte auf der Esri Konferenz 2027 in Bonn zu treffen. Wir freuen uns auf ein Gespr\u00e4ch mit Ihnen, wenn Sie wie wir auch auch einen Besuch planen. Lassen Sie uns gemeinsam innovative, ma\u00dfgeschneiderte L\u00f6sungen entwickeln! Nutzen Sie gerne den Button, um einen Termin mit uns auszumachen. Termin vereinbaren Unter anderem geht es um diese Themen: GeoAI Connected Twins Earth&hellip;<\/p>\n","category_list_v2":"","author_info_v2":{"name":"Jasmin","url":"https:\/\/www.mbi-geodata.com\/de\/author\/jasmin\/"},"comments_num_v2":"0 comments","yoast_head":"<!-- This site is optimized with the Yoast SEO plugin v28.4 - https:\/\/yoast.com\/product\/yoast-seo-wordpress\/ -->\n<title>Esri Konferenz 2027 - MBI Weltweite Geodaten<\/title>\n<meta name=\"description\" content=\"MBI freut sich auf die gr\u00f6\u00dfte deutschsprachige GIS Konferenz: Die Esri Konferenz 2027. GeoAI | Connected Twins | Enterprise GIS | Realtime\" \/>\n<meta name=\"robots\" content=\"index, follow, max-snippet:-1, max-image-preview:large, max-video-preview:-1\" \/>\n<link rel=\"canonical\" href=\"https:\/\/www.mbi-geodata.com\/de\/event\/esri-konferenz-2027\/\" \/>\n<meta property=\"og:locale\" content=\"de_DE\" \/>\n<meta property=\"og:type\" content=\"article\" \/>\n<meta property=\"og:title\" content=\"Esri Konferenz 2027 - MBI Weltweite Geodaten\" \/>\n<meta property=\"og:description\" content=\"MBI freut sich auf die gr\u00f6\u00dfte deutschsprachige GIS Konferenz: Die Esri Konferenz 2027. GeoAI | Connected Twins | Enterprise GIS | Realtime\" \/>\n<meta property=\"og:url\" content=\"https:\/\/www.mbi-geodata.com\/de\/event\/esri-konferenz-2027\/\" \/>\n<meta property=\"og:site_name\" content=\"MBI Weltweite Geodaten\" \/>\n<meta property=\"article:publisher\" content=\"https:\/\/www.facebook.com\/MBIgeodata\/?locale=de_DE\" \/>\n<meta property=\"article:modified_time\" content=\"2026-08-31T08:28:02+00:00\" \/>\n<meta property=\"og:image\" content=\"https:\/\/www.mbi-geodata.com\/de\/wp-content\/uploads\/sites\/2\/2026\/08\/Esri_Konferenz.jpg\" \/>\n\t<meta property=\"og:image:width\" content=\"1709\" \/>\n\t<meta property=\"og:image:height\" content=\"1283\" \/>\n\t<meta property=\"og:image:type\" content=\"image\/jpeg\" \/>\n<meta name=\"twitter:card\" content=\"summary_large_image\" \/>\n<meta name=\"twitter:site\" content=\"@MBIgeodata\" \/>\n<meta name=\"twitter:label1\" content=\"Gesch\u00e4tzte Lesezeit\" \/>\n\t<meta name=\"twitter:data1\" content=\"1\u00a0Minute\" \/>\n<script type=\"application\/ld+json\" class=\"yoast-schema-graph\">{\"@context\":\"https:\\\/\\\/schema.org\",\"@graph\":[{\"@type\":\"WebPage\",\"@id\":\"https:\\\/\\\/www.mbi-geodata.com\\\/de\\\/event\\\/esri-konferenz-2027\\\/\",\"url\":\"https:\\\/\\\/www.mbi-geodata.com\\\/de\\\/event\\\/esri-konferenz-2027\\\/\",\"name\":\"Esri Konferenz 2027 - MBI Weltweite Geodaten\",\"isPartOf\":{\"@id\":\"https:\\\/\\\/www.mbi-geodata.com\\\/de\\\/#website\"},\"primaryImageOfPage\":{\"@id\":\"https:\\\/\\\/www.mbi-geodata.com\\\/de\\\/event\\\/esri-konferenz-2027\\\/#primaryimage\"},\"image\":{\"@id\":\"https:\\\/\\\/www.mbi-geodata.com\\\/de\\\/event\\\/esri-konferenz-2027\\\/#primaryimage\"},\"thumbnailUrl\":\"https:\\\/\\\/www.mbi-geodata.com\\\/de\\\/wp-content\\\/uploads\\\/sites\\\/2\\\/2026\\\/08\\\/Esri_Konferenz.jpg\",\"datePublished\":\"2026-08-28T11:12:59+00:00\",\"dateModified\":\"2026-08-31T08:28:02+00:00\",\"description\":\"MBI freut sich auf die gr\u00f6\u00dfte deutschsprachige GIS Konferenz: Die Esri Konferenz 2027. GeoAI | Connected Twins | Enterprise GIS | Realtime\",\"breadcrumb\":{\"@id\":\"https:\\\/\\\/www.mbi-geodata.com\\\/de\\\/event\\\/esri-konferenz-2027\\\/#breadcrumb\"},\"inLanguage\":\"de\",\"potentialAction\":[{\"@type\":\"ReadAction\",\"target\":[\"https:\\\/\\\/www.mbi-geodata.com\\\/de\\\/event\\\/esri-konferenz-2027\\\/\"]}]},{\"@type\":\"ImageObject\",\"inLanguage\":\"de\",\"@id\":\"https:\\\/\\\/www.mbi-geodata.com\\\/de\\\/event\\\/esri-konferenz-2027\\\/#primaryimage\",\"url\":\"https:\\\/\\\/www.mbi-geodata.com\\\/de\\\/wp-content\\\/uploads\\\/sites\\\/2\\\/2026\\\/08\\\/Esri_Konferenz.jpg\",\"contentUrl\":\"https:\\\/\\\/www.mbi-geodata.com\\\/de\\\/wp-content\\\/uploads\\\/sites\\\/2\\\/2026\\\/08\\\/Esri_Konferenz.jpg\",\"width\":1709,\"height\":1283,\"caption\":\"Esri Konferenz in Bonn\"},{\"@type\":\"BreadcrumbList\",\"@id\":\"https:\\\/\\\/www.mbi-geodata.com\\\/de\\\/event\\\/esri-konferenz-2027\\\/#breadcrumb\",\"itemListElement\":[{\"@type\":\"ListItem\",\"position\":1,\"name\":\"Startseite\",\"item\":\"https:\\\/\\\/www.mbi-geodata.com\\\/de\\\/\"},{\"@type\":\"ListItem\",\"position\":2,\"name\":\"Veranstaltungen\",\"item\":\"https:\\\/\\\/www.mbi-geodata.com\\\/de\\\/events\\\/\"},{\"@type\":\"ListItem\",\"position\":3,\"name\":\"Esri Konferenz 2027\"}]},{\"@type\":\"WebSite\",\"@id\":\"https:\\\/\\\/www.mbi-geodata.com\\\/de\\\/#website\",\"url\":\"https:\\\/\\\/www.mbi-geodata.com\\\/de\\\/\",\"name\":\"MBI Weltweite Geodaten\",\"description\":\"Weltweit einheitlich und vergleichbar\",\"publisher\":{\"@id\":\"https:\\\/\\\/www.mbi-geodata.com\\\/de\\\/#organization\"},\"potentialAction\":[{\"@type\":\"SearchAction\",\"target\":{\"@type\":\"EntryPoint\",\"urlTemplate\":\"https:\\\/\\\/www.mbi-geodata.com\\\/de\\\/?s={search_term_string}\"},\"query-input\":{\"@type\":\"PropertyValueSpecification\",\"valueRequired\":true,\"valueName\":\"search_term_string\"}}],\"inLanguage\":\"de\"},{\"@type\":\"Organization\",\"@id\":\"https:\\\/\\\/www.mbi-geodata.com\\\/de\\\/#organization\",\"name\":\"Michael Bauer International GmbH\",\"alternateName\":\"MBI\",\"url\":\"https:\\\/\\\/www.mbi-geodata.com\\\/de\\\/\",\"logo\":{\"@type\":\"ImageObject\",\"inLanguage\":\"de\",\"@id\":\"https:\\\/\\\/www.mbi-geodata.com\\\/de\\\/#\\\/schema\\\/logo\\\/image\\\/\",\"url\":\"https:\\\/\\\/www.mbi-geodata.com\\\/de\\\/wp-content\\\/uploads\\\/sites\\\/2\\\/2022\\\/07\\\/MBI_Logo.png\",\"contentUrl\":\"https:\\\/\\\/www.mbi-geodata.com\\\/de\\\/wp-content\\\/uploads\\\/sites\\\/2\\\/2022\\\/07\\\/MBI_Logo.png\",\"width\":481,\"height\":482,\"caption\":\"Michael Bauer International GmbH\"},\"image\":{\"@id\":\"https:\\\/\\\/www.mbi-geodata.com\\\/de\\\/#\\\/schema\\\/logo\\\/image\\\/\"},\"sameAs\":[\"https:\\\/\\\/www.facebook.com\\\/MBIgeodata\\\/?locale=de_DE\",\"https:\\\/\\\/x.com\\\/MBIgeodata\",\"https:\\\/\\\/de.linkedin.com\\\/company\\\/michael-bauer-international-gmbh\",\"https:\\\/\\\/www.youtube.com\\\/channel\\\/UCSqLxdr6Dj1INWxeHuAB0Aw\\\/featured\",\"https:\\\/\\\/www.xing.com\\\/pages\\\/michaelbauerinternationalgmbh\"]}]}<\/script>\n<!-- \/ Yoast SEO plugin. -->","yoast_head_json":{"title":"Esri Konferenz 2027 - MBI Weltweite Geodaten","description":"MBI freut sich auf die gr\u00f6\u00dfte deutschsprachige GIS Konferenz: Die Esri Konferenz 2027. GeoAI | Connected Twins | Enterprise GIS | Realtime","robots":{"index":"index","follow":"follow","max-snippet":"max-snippet:-1","max-image-preview":"max-image-preview:large","max-video-preview":"max-video-preview:-1"},"canonical":"https:\/\/www.mbi-geodata.com\/de\/event\/esri-konferenz-2027\/","og_locale":"de_DE","og_type":"article","og_title":"Esri Konferenz 2027 - MBI Weltweite Geodaten","og_description":"MBI freut sich auf die gr\u00f6\u00dfte deutschsprachige GIS Konferenz: Die Esri Konferenz 2027. GeoAI | Connected Twins | Enterprise GIS | Realtime","og_url":"https:\/\/www.mbi-geodata.com\/de\/event\/esri-konferenz-2027\/","og_site_name":"MBI Weltweite Geodaten","article_publisher":"https:\/\/www.facebook.com\/MBIgeodata\/?locale=de_DE","article_modified_time":"2026-08-31T08:28:02+00:00","og_image":[{"width":1709,"height":1283,"url":"https:\/\/www.mbi-geodata.com\/de\/wp-content\/uploads\/sites\/2\/2026\/08\/Esri_Konferenz.jpg","type":"image\/jpeg"}],"twitter_card":"summary_large_image","twitter_site":"@MBIgeodata","twitter_misc":{"Gesch\u00e4tzte Lesezeit":"1\u00a0Minute"},"schema":{"@context":"https:\/\/schema.org","@graph":[{"@type":"WebPage","@id":"https:\/\/www.mbi-geodata.com\/de\/event\/esri-konferenz-2027\/","url":"https:\/\/www.mbi-geodata.com\/de\/event\/esri-konferenz-2027\/","name":"Esri Konferenz 2027 - MBI Weltweite Geodaten","isPartOf":{"@id":"https:\/\/www.mbi-geodata.com\/de\/#website"},"primaryImageOfPage":{"@id":"https:\/\/www.mbi-geodata.com\/de\/event\/esri-konferenz-2027\/#primaryimage"},"image":{"@id":"https:\/\/www.mbi-geodata.com\/de\/event\/esri-konferenz-2027\/#primaryimage"},"thumbnailUrl":"https:\/\/www.mbi-geodata.com\/de\/wp-content\/uploads\/sites\/2\/2026\/08\/Esri_Konferenz.jpg","datePublished":"2026-08-28T11:12:59+00:00","dateModified":"2026-08-31T08:28:02+00:00","description":"MBI freut sich auf die gr\u00f6\u00dfte deutschsprachige GIS Konferenz: Die Esri Konferenz 2027. GeoAI | Connected Twins | Enterprise GIS | Realtime","breadcrumb":{"@id":"https:\/\/www.mbi-geodata.com\/de\/event\/esri-konferenz-2027\/#breadcrumb"},"inLanguage":"de","potentialAction":[{"@type":"ReadAction","target":["https:\/\/www.mbi-geodata.com\/de\/event\/esri-konferenz-2027\/"]}]},{"@type":"ImageObject","inLanguage":"de","@id":"https:\/\/www.mbi-geodata.com\/de\/event\/esri-konferenz-2027\/#primaryimage","url":"https:\/\/www.mbi-geodata.com\/de\/wp-content\/uploads\/sites\/2\/2026\/08\/Esri_Konferenz.jpg","contentUrl":"https:\/\/www.mbi-geodata.com\/de\/wp-content\/uploads\/sites\/2\/2026\/08\/Esri_Konferenz.jpg","width":1709,"height":1283,"caption":"Esri Konferenz in Bonn"},{"@type":"BreadcrumbList","@id":"https:\/\/www.mbi-geodata.com\/de\/event\/esri-konferenz-2027\/#breadcrumb","itemListElement":[{"@type":"ListItem","position":1,"name":"Startseite","item":"https:\/\/www.mbi-geodata.com\/de\/"},{"@type":"ListItem","position":2,"name":"Veranstaltungen","item":"https:\/\/www.mbi-geodata.com\/de\/events\/"},{"@type":"ListItem","position":3,"name":"Esri Konferenz 2027"}]},{"@type":"WebSite","@id":"https:\/\/www.mbi-geodata.com\/de\/#website","url":"https:\/\/www.mbi-geodata.com\/de\/","name":"MBI Weltweite Geodaten","description":"Weltweit einheitlich und vergleichbar","publisher":{"@id":"https:\/\/www.mbi-geodata.com\/de\/#organization"},"potentialAction":[{"@type":"SearchAction","target":{"@type":"EntryPoint","urlTemplate":"https:\/\/www.mbi-geodata.com\/de\/?s={search_term_string}"},"query-input":{"@type":"PropertyValueSpecification","valueRequired":true,"valueName":"search_term_string"}}],"inLanguage":"de"},{"@type":"Organization","@id":"https:\/\/www.mbi-geodata.com\/de\/#organization","name":"Michael Bauer International GmbH","alternateName":"MBI","url":"https:\/\/www.mbi-geodata.com\/de\/","logo":{"@type":"ImageObject","inLanguage":"de","@id":"https:\/\/www.mbi-geodata.com\/de\/#\/schema\/logo\/image\/","url":"https:\/\/www.mbi-geodata.com\/de\/wp-content\/uploads\/sites\/2\/2022\/07\/MBI_Logo.png","contentUrl":"https:\/\/www.mbi-geodata.com\/de\/wp-content\/uploads\/sites\/2\/2022\/07\/MBI_Logo.png","width":481,"height":482,"caption":"Michael Bauer International GmbH"},"image":{"@id":"https:\/\/www.mbi-geodata.com\/de\/#\/schema\/logo\/image\/"},"sameAs":["https:\/\/www.facebook.com\/MBIgeodata\/?locale=de_DE","https:\/\/x.com\/MBIgeodata","https:\/\/de.linkedin.com\/company\/michael-bauer-international-gmbh","https:\/\/www.youtube.com\/channel\/UCSqLxdr6Dj1INWxeHuAB0Aw\/featured","https:\/\/www.xing.com\/pages\/michaelbauerinternationalgmbh"]}]}},"uagb_featured_image_src":{"full":["https:\/\/www.mbi-geodata.com\/de\/wp-content\/uploads\/sites\/2\/2026\/08\/Esri_Konferenz.jpg",1709,1283,false],"thumbnail":["https:\/\/www.mbi-geodata.com\/de\/wp-content\/uploads\/sites\/2\/2026\/08\/Esri_Konferenz-150x150.jpg",150,150,true],"medium":["https:\/\/www.mbi-geodata.com\/de\/wp-content\/uploads\/sites\/2\/2026\/08\/Esri_Konferenz-300x225.jpg",300,225,true],"medium_large":["https:\/\/www.mbi-geodata.com\/de\/wp-content\/uploads\/sites\/2\/2026\/08\/Esri_Konferenz-767x576.jpg",698,524,true],"large":["https:\/\/www.mbi-geodata.com\/de\/wp-content\/uploads\/sites\/2\/2026\/08\/Esri_Konferenz-1024x769.jpg",698,524,true],"1536x1536":["https:\/\/www.mbi-geodata.com\/de\/wp-content\/uploads\/sites\/2\/2026\/08\/Esri_Konferenz-1536x1153.jpg",1536,1153,true],"2048x2048":["https:\/\/www.mbi-geodata.com\/de\/wp-content\/uploads\/sites\/2\/2026\/08\/Esri_Konferenz.jpg",1709,1283,false],"mini":["https:\/\/www.mbi-geodata.com\/de\/wp-content\/uploads\/sites\/2\/2026\/08\/Esri_Konferenz-88x66.jpg",88,66,true],"post-thumbnail":["https:\/\/www.mbi-geodata.com\/de\/wp-content\/uploads\/sites\/2\/2026\/08\/Esri_Konferenz-125x125.jpg",125,125,true],"gform-image-choice-sm":["https:\/\/www.mbi-geodata.com\/de\/wp-content\/uploads\/sites\/2\/2026\/08\/Esri_Konferenz-300x300.jpg",300,300,true],"gform-image-choice-md":["https:\/\/www.mbi-geodata.com\/de\/wp-content\/uploads\/sites\/2\/2026\/08\/Esri_Konferenz-400x400.jpg",400,400,true],"gform-image-choice-lg":["https:\/\/www.mbi-geodata.com\/de\/wp-content\/uploads\/sites\/2\/2026\/08\/Esri_Konferenz-600x600.jpg",600,600,true]},"uagb_author_info":{"display_name":"Jasmin","author_link":"https:\/\/www.mbi-geodata.com\/de\/author\/jasmin\/"},"uagb_comment_info":0,"uagb_excerpt":"Die gr\u00f6\u00dfte deutschsprachige GIS Konferenz bietet an zwei Tagen ein volles Programm mit inspirierenden Vortr\u00e4gen zu den neuesten Digitalisierungstrends. MBI freut sich auf hochkar\u00e4tige Speaker, Einblicke in reale Anwendungsf\u00e4lle und [&hellip;]","_links":{"self":[{"href":"https:\/\/www.mbi-geodata.com\/de\/wp-json\/wp\/v2\/tribe_events\/27876","targetHints":{"allow":["GET"]}}],"collection":[{"href":"https:\/\/www.mbi-geodata.com\/de\/wp-json\/wp\/v2\/tribe_events"}],"about":[{"href":"https:\/\/www.mbi-geodata.com\/de\/wp-json\/wp\/v2\/types\/tribe_events"}],"author":[{"embeddable":true,"href":"https:\/\/www.mbi-geodata.com\/de\/wp-json\/wp\/v2\/users\/10"}],"version-history":[{"count":4,"href":"https:\/\/www.mbi-geodata.com\/de\/wp-json\/wp\/v2\/tribe_events\/27876\/revisions"}],"predecessor-version":[{"id":27891,"href":"https:\/\/www.mbi-geodata.com\/de\/wp-json\/wp\/v2\/tribe_events\/27876\/revisions\/27891"}],"wp:featuredmedia":[{"embeddable":true,"href":"https:\/\/www.mbi-geodata.com\/de\/wp-json\/wp\/v2\/media\/27877"}],"wp:attachment":[{"href":"https:\/\/www.mbi-geodata.com\/de\/wp-json\/wp\/v2\/media?parent=27876"}],"wp:term":[{"taxonomy":"post_tag","embeddable":true,"href":"https:\/\/www.mbi-geodata.com\/de\/wp-json\/wp\/v2\/tags?post=27876"},{"taxonomy":"tribe_events_cat","embeddable":true,"href":"https:\/\/www.mbi-geodata.com\/de\/wp-json\/wp\/v2\/tribe_events_cat?post=27876"}],"curies":[{"name":"wp","href":"https:\/\/api.w.org\/{rel}","templated":true}]}}